{"id":1016,"date":"2019-02-25T17:37:08","date_gmt":"2019-02-25T16:37:08","guid":{"rendered":"https:\/\/www.donjondevez.com\/mentions-legales\/"},"modified":"2026-04-08T10:18:07","modified_gmt":"2026-04-08T08:18:07","slug":"mentions-legales","status":"publish","type":"page","link":"https:\/\/www.donjondevez.com\/en\/mentions-legales\/","title":{"rendered":"Mentions L\u00e9gales"},"content":{"rendered":"<p><style><\/style><script type=\"text\/javascript\"><\/script><section class=\"ffb-id-9doqgk0c fg-section fg-text-dark\"><div class=\"fg-container container fg-container-large fg-container-lvl--1 \"><div class=\"fg-row row    \" ><div class=\"ffb-id-9doqgk0d fg-col col-xs-12 col-md-12 fg-text-dark\"><div class=\"ffb-id-9doqgn7u fg-paragraph ff-richtext text-left    fg-text-dark\"><\/p>\n<p><strong>1. \u00c9dition du site<\/strong><\/p>\n<p>Le pr\u00e9sent site est \u00e9dit\u00e9 par :<br \/>\nOFFICE DE TOURISME DU PAYS DE VALOIS,<br \/>\n82 rue Nationale, 60800 Cr\u00e9py-en-Valois \u2013 France<br \/>\ncontact@valois-tourisme.com<\/p>\n<p>Directeur de publication : Didier Doucet, pr\u00e9sident de la communaut\u00e9 de communes du Pays de Valois<br \/>\nResponsable de publication : Delphine Luc, directrice de la communication de la communaut\u00e9 de communes du Pays de Valois<\/p>\n<p><strong>2. Conception et r\u00e9alisation<\/strong><\/p>\n<p>Le site a \u00e9t\u00e9 con\u00e7u et r\u00e9alis\u00e9 par Mill \u2013 Agence de communication, sp\u00e9cialiste en #Marketing, #Identit\u00e9, #Digital et #e-Tourisme<br \/>\nInnoparc \u2013 462 avenue Marc Seguin \u2013 07000 Privas<br \/>\nSite web : www.agence-mill.fr<br \/>\nRCS Aubenas B 809 092 497 \u2013 SIRET : 80909249700027<\/p>\n<p><strong>3. H\u00e9bergement<\/strong><\/p>\n<p>Coordonn\u00e9es de l\u2019h\u00e9bergeur du site\u00a0:<\/p>\n<p>o2switch<br \/>\nChemin des Pardiaux<br \/>\n63000 Clermont-Ferrand<\/p>\n<p><a href=\"https:\/\/www.o2switch.fr\/\">https:\/\/www.o2switch.fr\/<\/a><\/p>\n<hr \/>\n<p><span style=\"color: #999999\"><a style=\"color: #999999\" href=\"http:\/\/www.vez-ancien.lecharpeblanche.fr\/\" rel=\"\u201dnofollow\u201d\"><span style=\"font-size: 0.65em\">Lien vers ancien site<\/span><\/a><\/span><\/p>\n<p><strong>4. Propri\u00e9t\u00e9 intellectuelle<\/strong><\/p>\n<p>L\u2019ensemble des contenus (textes, images, graphismes, logos, ic\u00f4nes, sons, logiciels, etc.) pr\u00e9sents sur ce site est la propri\u00e9t\u00e9 exclusive de l\u2019OFFICE DE TOURISME DU PAYS DE VALOIS ou de ses partenaires. Toute reproduction, totale ou partielle, sans autorisation pr\u00e9alable \u00e9crite est interdite.<\/p>\n<p><strong>5. Donn\u00e9es personnelles<\/strong><\/p>\n<p>Conform\u00e9ment \u00e0 la r\u00e9glementation en vigueur, vous disposez d\u2019un droit d\u2019acc\u00e8s, de modification, de rectification et de suppression des donn\u00e9es vous concernant. Pour exercer ce droit, veuillez contacter notre D\u00e9l\u00e9gu\u00e9 \u00e0 la Protection des Donn\u00e9es \u00e0 l\u2019adresse suivante : dpo@cc-paysdevalois.fr . Pour plus d\u2019informations sur la gestion de vos donn\u00e9es personnelles, consultez notre politique de confidentialit\u00e9.<\/p>\n<p><strong>6. Analyse d\u2019audience et Cookies<\/strong><\/p>\n<p>Le site utilise l\u2019outil de mesure d\u2019audience Matomo (Piwik), permettant d\u2019\u00e9tablir de mani\u00e8re anonyme des statistiques de fr\u00e9quentation et d\u2019utilisation du site (nombre de visites, nombre de pages vues, activit\u00e9 des Utilisateurs, fr\u00e9quence de retour, etc.). La dur\u00e9e de conservation des donn\u00e9es est de 13 mois. L\u2019outil de mesure d\u2019audience Matomo\/Piwik est dispens\u00e9 du recueil pr\u00e9alable du consentement de l\u2019Utilisateur pour le d\u00e9p\u00f4t des cookies d\u2019analyse, la CNIL ayant accord\u00e9 une exemption pour le cookie <strong>Web Analytics de Matomo.<\/strong><\/p>\n<p><strong>7. Responsabilit\u00e9s<\/strong><\/p>\n<p>L\u2019OFFICE DE TOURISME DU PAYS DE VALOIS met tout en \u0153uvre pour assurer l\u2019exactitude et la mise \u00e0 jour des informations diffus\u00e9es sur ce site. Toutefois, l\u2019\u00e9diteur ne saurait \u00eatre tenu responsable en cas d\u2019erreur ou d\u2019omission. L\u2019utilisation du site se fait sous l\u2019enti\u00e8re responsabilit\u00e9 de l\u2019Utilisateur.<\/p>\n<p><strong>8. Contact<\/strong><\/p>\n<p>Pour toute question concernant le pr\u00e9sent site ou les mentions l\u00e9gales, vous pouvez nous contacter :<\/p>\n<p>Par email : contact@valois-tourisme.com<br \/>\nPar courrier postal :<br \/>\nOFFICE DE TOURISME DU PAYS DE VALOIS,<br \/>\n82 rue Nationale, 60800 Cr\u00e9py-en-Valois \u2013 France<br \/>\nCes mentions l\u00e9gales sont susceptibles d\u2019\u00eatre modifi\u00e9es ou compl\u00e9t\u00e9es \u00e0 tout moment. Il est recommand\u00e9 de les consulter r\u00e9guli\u00e8rement.<\/p>\n<p><\/div><\/div><\/div><\/div><\/section><style><\/style><script type=\"text\/javascript\"><\/script><\/p>\n","protected":false},"excerpt":{"rendered":"","protected":false},"author":1,"featured_media":0,"parent":0,"menu_order":0,"comment_status":"closed","ping_status":"closed","template":"","meta":{"footnotes":""},"class_list":["post-1016","page","type-page","status-publish","hentry","post-wrapper"],"_links":{"self":[{"href":"https:\/\/www.donjondevez.com\/en\/wp-json\/wp\/v2\/pages\/1016","targetHints":{"allow":["GET"]}}],"collection":[{"href":"https:\/\/www.donjondevez.com\/en\/wp-json\/wp\/v2\/pages"}],"about":[{"href":"https:\/\/www.donjondevez.com\/en\/wp-json\/wp\/v2\/types\/page"}],"author":[{"embeddable":true,"href":"https:\/\/www.donjondevez.com\/en\/wp-json\/wp\/v2\/users\/1"}],"replies":[{"embeddable":true,"href":"https:\/\/www.donjondevez.com\/en\/wp-json\/wp\/v2\/comments?post=1016"}],"version-history":[{"count":9,"href":"https:\/\/www.donjondevez.com\/en\/wp-json\/wp\/v2\/pages\/1016\/revisions"}],"predecessor-version":[{"id":3398,"href":"https:\/\/www.donjondevez.com\/en\/wp-json\/wp\/v2\/pages\/1016\/revisions\/3398"}],"wp:attachment":[{"href":"https:\/\/www.donjondevez.com\/en\/wp-json\/wp\/v2\/media?parent=1016"}],"curies":[{"name":"wp","href":"https:\/\/api.w.org\/{rel}","templated":true}]}}